{"id":524,"date":"2018-11-29T21:30:08","date_gmt":"2018-11-29T20:30:08","guid":{"rendered":"https:\/\/bonnin.sitefamille.fr\/?page_id=524"},"modified":"2024-04-15T22:29:58","modified_gmt":"2024-04-15T21:29:58","slug":"accueil","status":"publish","type":"page","link":"https:\/\/bonnin.sitefamille.fr\/","title":{"rendered":"Accueil"},"content":{"rendered":"<div class=\"pt-cv-wrapper\"><div class=\"pt-cv-view pt-cv-grid pt-cv-colsys\" id=\"pt-cv-view-57e8c6df1b\"><div data-id=\"pt-cv-page-1\" class=\"pt-cv-page\" data-cvc=\"2\"><div class=\"col-md-6 col-sm-6 col-xs-12 pt-cv-content-item pt-cv-2-col\" ><div class='pt-cv-ifield'><a href=\"https:\/\/bonnin.sitefamille.fr\/?page_id=227\" class=\"_self pt-cv-href-thumbnail pt-cv-thumb-left\" target=\"_self\" ><img loading=\"lazy\" decoding=\"async\" width=\"300\" height=\"73\" src=\"https:\/\/bonnin.sitefamille.fr\/wp-content\/uploads\/2019\/01\/img_5c52d83eb4fc7-300x73.png\" class=\"pt-cv-thumbnail pull-left\" alt=\"\" srcset=\"https:\/\/bonnin.sitefamille.fr\/wp-content\/uploads\/2019\/01\/img_5c52d83eb4fc7-300x73.png 300w, https:\/\/bonnin.sitefamille.fr\/wp-content\/uploads\/2019\/01\/img_5c52d83eb4fc7-768x186.png 768w, https:\/\/bonnin.sitefamille.fr\/wp-content\/uploads\/2019\/01\/img_5c52d83eb4fc7-1024x249.png 1024w, https:\/\/bonnin.sitefamille.fr\/wp-content\/uploads\/2019\/01\/img_5c52d83eb4fc7.png 1767w\" sizes=\"auto, (max-width: 300px) 100vw, 300px\" \/><\/a>\n<h4 class=\"pt-cv-title\"><a href=\"https:\/\/bonnin.sitefamille.fr\/?page_id=227\" class=\"_self\" target=\"_self\" >Arbre g\u00e9n\u00e9alogique<\/a><\/h4>\n<div class=\"pt-cv-content\">Notre arbre g\u00e9n\u00e9alogique est ici\u00a0et encore \u00e0 v\u00e9rifier et compl\u00e9ter... : Pour visualiser les informations disponibles pour chaque membre de ...<br \/><div class=\"pt-cv-rmwrap\"><a href=\"https:\/\/bonnin.sitefamille.fr\/?page_id=227\" class=\"_self pt-cv-readmore btn btn-success\" target=\"_self\">Lire La Suite\u2026<\/a><\/div><\/div><\/div><\/div><\/div><\/div><\/div>\n<div class=\"pt-cv-wrapper\"><div class=\"pt-cv-view pt-cv-grid pt-cv-colsys\" id=\"pt-cv-view-bb67ecerou\"><div data-id=\"pt-cv-page-1\" class=\"pt-cv-page\" data-cvc=\"2\"><div class=\"col-md-6 col-sm-6 col-xs-12 pt-cv-content-item pt-cv-2-col\" ><div class='pt-cv-ifield'><a href=\"https:\/\/bonnin.sitefamille.fr\/?p=828\" class=\"_self pt-cv-href-thumbnail pt-cv-thumb-left\" target=\"_self\" ><img loading=\"lazy\" decoding=\"async\" width=\"150\" height=\"150\" src=\"https:\/\/bonnin.sitefamille.fr\/wp-content\/uploads\/2026\/04\/bouledor-150x150.jpg\" class=\"pt-cv-thumbnail pull-left\" alt=\"\" \/><\/a>\n<h4 class=\"pt-cv-title\"><a href=\"https:\/\/bonnin.sitefamille.fr\/?p=828\" class=\"_self\" target=\"_self\" >Cousinades 2026<\/a><\/h4>\n<div class=\"pt-cv-content\">Bonjour \u00e0 tous La date de nos prochaines cousinades a \u00e9t\u00e9 fix\u00e9e au dimanche 12 avril. Nous d\u00e9jeunerons \u00e0 la Boule d'Or,15 Place Emile Zola, \u00e0 Bressuire. Christine, Mich\u00e8le, G\u00e9rard et Marie-Do ...<br \/><div class=\"pt-cv-rmwrap\"><a href=\"https:\/\/bonnin.sitefamille.fr\/?p=828\" class=\"_self pt-cv-readmore btn btn-success\" target=\"_self\">Lire La Suite\u2026<\/a><\/div><\/div>\n<div class=\"pt-cv-meta-fields\"><span class=\"entry-date\"> <time datetime=\"2026-04-10T21:57:04+01:00\">10 avril 2026<\/time><\/span><span> \/ <\/span><span class=\"terms\"> <a href='https:\/\/bonnin.sitefamille.fr\/?cat=3' title='Cousinades' class='pt-cv-tax-cousinades'>Cousinades<\/a><\/span><\/div><\/div><\/div>\n<div class=\"col-md-6 col-sm-6 col-xs-12 pt-cv-content-item pt-cv-2-col\" ><div class='pt-cv-ifield'><a href=\"https:\/\/bonnin.sitefamille.fr\/?p=818\" class=\"_self pt-cv-href-thumbnail pt-cv-thumb-left\" target=\"_self\" ><img loading=\"lazy\" decoding=\"async\" width=\"150\" height=\"150\" src=\"https:\/\/bonnin.sitefamille.fr\/wp-content\/uploads\/2025\/05\/Dede-150x150.jpg\" class=\"pt-cv-thumbnail pull-left\" alt=\"\" \/><\/a>\n<h4 class=\"pt-cv-title\"><a href=\"https:\/\/bonnin.sitefamille.fr\/?p=818\" class=\"_self\" target=\"_self\" >Notre tribu est de nouveau en deuil.<\/a><\/h4>\n<div class=\"pt-cv-content\">Andr\u00e9 Chamereau, que tout le monde appelait D\u00e9d\u00e9 nous a quitt\u00e9 le 27 mai dernier \u00e0 l\u2019\u00e2ge de 76 ans. Tr\u00e8s appr\u00e9ci\u00e9 dans son travail et\u00a0 sa commune de Sainte-Ouenne , il \u00e9tait aussi tr\u00e8s actif dans la vie locale ...<br \/><div class=\"pt-cv-rmwrap\"><a href=\"https:\/\/bonnin.sitefamille.fr\/?p=818\" class=\"_self pt-cv-readmore btn btn-success\" target=\"_self\">Lire La Suite\u2026<\/a><\/div><\/div>\n<div class=\"pt-cv-meta-fields\"><span class=\"entry-date\"> <time datetime=\"2025-05-29T09:05:34+01:00\">29 mai 2025<\/time><\/span><span> \/ <\/span><span class=\"terms\"> <a href='https:\/\/bonnin.sitefamille.fr\/?cat=9' title='Histoire' class='pt-cv-tax-histoire'>Histoire<\/a>, <a href='https:\/\/bonnin.sitefamille.fr\/?cat=8' title='News' class='pt-cv-tax-news'>News<\/a><\/span><\/div><\/div><\/div>\n<div class=\"col-md-6 col-sm-6 col-xs-12 pt-cv-content-item pt-cv-2-col\" ><div class='pt-cv-ifield'><a href=\"https:\/\/bonnin.sitefamille.fr\/?p=803\" class=\"_self pt-cv-href-thumbnail pt-cv-thumb-left\" target=\"_self\" ><img loading=\"lazy\" decoding=\"async\" width=\"150\" height=\"150\" src=\"https:\/\/bonnin.sitefamille.fr\/wp-content\/uploads\/2025\/04\/Photo-Marie-Helene-150x150.jpg\" class=\"pt-cv-thumbnail pull-left\" alt=\"\" \/><\/a>\n<h4 class=\"pt-cv-title\"><a href=\"https:\/\/bonnin.sitefamille.fr\/?p=803\" class=\"_self\" target=\"_self\" >Marie H\u00e9l\u00e8ne nous a quitt\u00e9&#8230;<\/a><\/h4>\n<div class=\"pt-cv-content\">La famille Grellier est de nouveau dans la peine. Marie H\u00e9l\u00e8ne nous a quitt\u00e9s jeudi matin 24 Avril 2025 apr\u00e8s une longue maladie. Une tr\u00e8s belle c\u00e9r\u00e9monie religieuse a rassembl\u00e9 famille et amis dans l\u2019\u00e9glise de Boism\u00e9 ce lundi 28 ...<br \/><div class=\"pt-cv-rmwrap\"><a href=\"https:\/\/bonnin.sitefamille.fr\/?p=803\" class=\"_self pt-cv-readmore btn btn-success\" target=\"_self\">Lire La Suite\u2026<\/a><\/div><\/div>\n<div class=\"pt-cv-meta-fields\"><span class=\"entry-date\"> <time datetime=\"2025-04-25T18:02:58+01:00\">25 avril 2025<\/time><\/span><span> \/ <\/span><span class=\"terms\"> <a href='https:\/\/bonnin.sitefamille.fr\/?cat=9' title='Histoire' class='pt-cv-tax-histoire'>Histoire<\/a>, <a href='https:\/\/bonnin.sitefamille.fr\/?cat=8' title='News' class='pt-cv-tax-news'>News<\/a><\/span><\/div><\/div><\/div>\n<div class=\"col-md-6 col-sm-6 col-xs-12 pt-cv-content-item pt-cv-2-col\" ><div class='pt-cv-ifield'><a href=\"https:\/\/bonnin.sitefamille.fr\/?p=735\" class=\"_self pt-cv-href-thumbnail pt-cv-thumb-left\" target=\"_self\" ><img loading=\"lazy\" decoding=\"async\" width=\"150\" height=\"150\" src=\"https:\/\/bonnin.sitefamille.fr\/wp-content\/uploads\/2025\/01\/DidierG2-150x150.jpg\" class=\"pt-cv-thumbnail pull-left\" alt=\"\" \/><\/a>\n<h4 class=\"pt-cv-title\"><a href=\"https:\/\/bonnin.sitefamille.fr\/?p=735\" class=\"_self\" target=\"_self\" >Didier Grellier<\/a><\/h4>\n<div class=\"pt-cv-content\">Didier nous a quitt\u00e9 samedi 4 janvier 2025 \u00e0 l\u2019\u00e2ge de 85 ans. Nous \u00e9tions nombreux, ce mercredi 8 janvier oncle, cousins, cousines, ami(e)s \u00e0 nous retrouver \u00e0 Faye l\u2019Abbesse pour accompagner Didier. Nous gardons de lui le souvenir de ...<br \/><div class=\"pt-cv-rmwrap\"><a href=\"https:\/\/bonnin.sitefamille.fr\/?p=735\" class=\"_self pt-cv-readmore btn btn-success\" target=\"_self\">Lire La Suite\u2026<\/a><\/div><\/div>\n<div class=\"pt-cv-meta-fields\"><span class=\"entry-date\"> <time datetime=\"2025-01-13T15:33:51+01:00\">13 janvier 2025<\/time><\/span><span> \/ <\/span><span class=\"terms\"> <a href='https:\/\/bonnin.sitefamille.fr\/?cat=8' title='News' class='pt-cv-tax-news'>News<\/a><\/span><\/div><\/div><\/div>\n<div class=\"col-md-6 col-sm-6 col-xs-12 pt-cv-content-item pt-cv-2-col\" ><div class='pt-cv-ifield'><a href=\"https:\/\/bonnin.sitefamille.fr\/?p=740\" class=\"_self pt-cv-href-thumbnail pt-cv-thumb-left\" target=\"_self\" ><img loading=\"lazy\" decoding=\"async\" width=\"150\" height=\"150\" src=\"https:\/\/bonnin.sitefamille.fr\/wp-content\/uploads\/2025\/01\/HubertGuide4-1-150x150.jpeg\" class=\"pt-cv-thumbnail pull-left\" alt=\"\" \/><\/a>\n<h4 class=\"pt-cv-title\"><a href=\"https:\/\/bonnin.sitefamille.fr\/?p=740\" class=\"_self\" target=\"_self\" >Hubert, guide \u00e0 l&rsquo;\u00c9glise abbatiale de B\u00e9n\u00e9vent<\/a><\/h4>\n<div class=\"pt-cv-content\">Une curiosit\u00e9 \u00e0 voir dans l'\u00c9glise abbatiale de B\u00e9n\u00e9vent...Visible le 21 d\u00e9cembre, jour du solstice d'hiver (et quelques jours avant et apr\u00e8s), s\u2019il y a bien s\u00fbr du soleil. Dans le vitrail repr\u00e9sentant Saint Barth\u00e9l\u00e9my (derri\u00e8re l'orgue) un verre sp\u00e9cial ...<br \/><div class=\"pt-cv-rmwrap\"><a href=\"https:\/\/bonnin.sitefamille.fr\/?p=740\" class=\"_self pt-cv-readmore btn btn-success\" target=\"_self\">Lire La Suite\u2026<\/a><\/div><\/div>\n<div class=\"pt-cv-meta-fields\"><span class=\"entry-date\"> <time datetime=\"2025-01-12T23:38:52+01:00\">12 janvier 2025<\/time><\/span><span> \/ <\/span><span class=\"terms\"> <a href='https:\/\/bonnin.sitefamille.fr\/?cat=9' title='Histoire' class='pt-cv-tax-histoire'>Histoire<\/a>, <a href='https:\/\/bonnin.sitefamille.fr\/?cat=8' title='News' class='pt-cv-tax-news'>News<\/a><\/span><\/div><\/div><\/div>\n<div class=\"col-md-6 col-sm-6 col-xs-12 pt-cv-content-item pt-cv-2-col\" ><div class='pt-cv-ifield'><a href=\"https:\/\/bonnin.sitefamille.fr\/?p=718\" class=\"_self pt-cv-href-thumbnail pt-cv-thumb-left\" target=\"_self\" ><img loading=\"lazy\" decoding=\"async\" width=\"150\" height=\"150\" src=\"https:\/\/bonnin.sitefamille.fr\/wp-content\/uploads\/2024\/12\/2014-Rene-11-150x150.png\" class=\"pt-cv-thumbnail pull-left\" alt=\"\" \/><\/a>\n<h4 class=\"pt-cv-title\"><a href=\"https:\/\/bonnin.sitefamille.fr\/?p=718\" class=\"_self\" target=\"_self\" >Ren\u00e9 nous a quitt\u00e9s&#8230;<\/a><\/h4>\n<div class=\"pt-cv-content\">Ren\u00e9 nous a quitt\u00e9s le 11 d\u00e9cembre, apr\u00e8s bien des mis\u00e8res de sant\u00e9. Marie Claude, ses enfants et petits enfants, la famille de la tribu Bonnin, ses nombreux amis, ont accompagn\u00e9 Ren\u00e9 \u00e0 l\u2019\u00e9glise.A la sortie de la c\u00e9r\u00e9monie, un ...<br \/><div class=\"pt-cv-rmwrap\"><a href=\"https:\/\/bonnin.sitefamille.fr\/?p=718\" class=\"_self pt-cv-readmore btn btn-success\" target=\"_self\">Lire La Suite\u2026<\/a><\/div><\/div>\n<div class=\"pt-cv-meta-fields\"><span class=\"entry-date\"> <time datetime=\"2024-12-23T22:25:42+01:00\">23 d\u00e9cembre 2024<\/time><\/span><span> \/ <\/span><span class=\"terms\"> <a href='https:\/\/bonnin.sitefamille.fr\/?cat=8' title='News' class='pt-cv-tax-news'>News<\/a><\/span><\/div><\/div><\/div>\n<div class=\"col-md-6 col-sm-6 col-xs-12 pt-cv-content-item pt-cv-2-col\" ><div class='pt-cv-ifield'><a href=\"https:\/\/bonnin.sitefamille.fr\/?p=680\" class=\"_self pt-cv-href-thumbnail pt-cv-thumb-left\" target=\"_self\" ><img loading=\"lazy\" decoding=\"async\" width=\"150\" height=\"150\" src=\"https:\/\/bonnin.sitefamille.fr\/wp-content\/uploads\/2024\/04\/IMG_20240406_161605-150x150.jpg\" class=\"pt-cv-thumbnail pull-left\" alt=\"\" \/><\/a>\n<h4 class=\"pt-cv-title\"><a href=\"https:\/\/bonnin.sitefamille.fr\/?p=680\" class=\"_self\" target=\"_self\" >Hubert nonantenaire, 6 avril 2024, cousinades \u00e0 Clazay.<\/a><\/h4>\n<div class=\"pt-cv-content\">Bonjour \u00e0 toutes et tous Je me r\u00e9veillais d\u2019un long r\u00eave apr\u00e8s 1 mois et demi d\u2019hospitalisation ! Le 6 avril s\u2019approchait. Serais-je en forme ? Apr\u00e8s toutes ces \u00e9motions et ces incertitudes cette journ\u00e9e de samedi fut une merveilleuse ...<br \/><div class=\"pt-cv-rmwrap\"><a href=\"https:\/\/bonnin.sitefamille.fr\/?p=680\" class=\"_self pt-cv-readmore btn btn-success\" target=\"_self\">Lire La Suite\u2026<\/a><\/div><\/div>\n<div class=\"pt-cv-meta-fields\"><span class=\"entry-date\"> <time datetime=\"2024-04-09T18:34:04+01:00\">9 avril 2024<\/time><\/span><span> \/ <\/span><span class=\"terms\"> <a href='https:\/\/bonnin.sitefamille.fr\/?cat=3' title='Cousinades' class='pt-cv-tax-cousinades'>Cousinades<\/a>, <a href='https:\/\/bonnin.sitefamille.fr\/?cat=8' title='News' class='pt-cv-tax-news'>News<\/a><\/span><\/div><\/div><\/div>\n<div class=\"col-md-6 col-sm-6 col-xs-12 pt-cv-content-item pt-cv-2-col\" ><div class='pt-cv-ifield'><a href=\"https:\/\/bonnin.sitefamille.fr\/?p=622\" class=\"_self pt-cv-href-thumbnail pt-cv-thumb-left\" target=\"_self\" ><img loading=\"lazy\" decoding=\"async\" width=\"150\" height=\"150\" src=\"https:\/\/bonnin.sitefamille.fr\/wp-content\/uploads\/2024\/01\/image003-150x150.jpg\" class=\"pt-cv-thumbnail pull-left\" alt=\"\" \/><\/a>\n<h4 class=\"pt-cv-title\"><a href=\"https:\/\/bonnin.sitefamille.fr\/?p=622\" class=\"_self\" target=\"_self\" >BA 2024<\/a><\/h4>\n<div class=\"pt-cv-content\"> ...<br \/><div class=\"pt-cv-rmwrap\"><a href=\"https:\/\/bonnin.sitefamille.fr\/?p=622\" class=\"_self pt-cv-readmore btn btn-success\" target=\"_self\">Lire La Suite\u2026<\/a><\/div><\/div>\n<div class=\"pt-cv-meta-fields\"><span class=\"entry-date\"> <time datetime=\"2024-01-01T19:47:17+01:00\">1 janvier 2024<\/time><\/span><span> \/ <\/span><span class=\"terms\"> <a href='https:\/\/bonnin.sitefamille.fr\/?cat=8' title='News' class='pt-cv-tax-news'>News<\/a><\/span><\/div><\/div><\/div>\n<div class=\"col-md-6 col-sm-6 col-xs-12 pt-cv-content-item pt-cv-2-col\" ><div class='pt-cv-ifield'><a href=\"https:\/\/bonnin.sitefamille.fr\/?p=604\" class=\"_self pt-cv-href-thumbnail pt-cv-thumb-left\" target=\"_self\" ><img loading=\"lazy\" decoding=\"async\" width=\"150\" height=\"150\" src=\"https:\/\/bonnin.sitefamille.fr\/wp-content\/uploads\/2023\/03\/img_640e56a293f81-150x150.png\" class=\"pt-cv-thumbnail pull-left\" alt=\"\" \/><\/a>\n<h4 class=\"pt-cv-title\"><a href=\"https:\/\/bonnin.sitefamille.fr\/?p=604\" class=\"_self\" target=\"_self\" >Cousinades 2023<\/a><\/h4>\n<div class=\"pt-cv-content\">Dimanche 12 mars 2023, Argenton les Vall\u00e9es, restaurant du Lac. De belles photos souvenir dans \"Albums photos\" ...<br \/><div class=\"pt-cv-rmwrap\"><a href=\"https:\/\/bonnin.sitefamille.fr\/?p=604\" class=\"_self pt-cv-readmore btn btn-success\" target=\"_self\">Lire La Suite\u2026<\/a><\/div><\/div>\n<div class=\"pt-cv-meta-fields\"><span class=\"entry-date\"> <time datetime=\"2023-03-12T23:49:29+01:00\">12 mars 2023<\/time><\/span><span> \/ <\/span><span class=\"terms\"> <a href='https:\/\/bonnin.sitefamille.fr\/?cat=3' title='Cousinades' class='pt-cv-tax-cousinades'>Cousinades<\/a><\/span><\/div><\/div><\/div>\n<div class=\"col-md-6 col-sm-6 col-xs-12 pt-cv-content-item pt-cv-2-col\" ><div class='pt-cv-ifield'><a href=\"https:\/\/bonnin.sitefamille.fr\/?p=602\" class=\"_self pt-cv-href-thumbnail pt-cv-thumb-left\" target=\"_self\" ><\/a>\n<h4 class=\"pt-cv-title\"><a href=\"https:\/\/bonnin.sitefamille.fr\/?p=602\" class=\"_self\" target=\"_self\" >D\u00e9c\u00e8s d&rsquo; Yvonne&#8230;<\/a><\/h4>\n<div class=\"pt-cv-content\">Encore une bien triste nouvelle. La tribu est de nouveau en deuil. Hospitalis\u00e9e depuis plus d\u2019un mois, Yvonne\u00a0 vient de rejoindre Louis. A leur mariage ils se sont install\u00e9s aux Jards, ferme qu\u2019ils ont exploit\u00e9e avec Joseph. Louis est d\u00e9c\u00e9d\u00e9 ...<br \/><div class=\"pt-cv-rmwrap\"><a href=\"https:\/\/bonnin.sitefamille.fr\/?p=602\" class=\"_self pt-cv-readmore btn btn-success\" target=\"_self\">Lire La Suite\u2026<\/a><\/div><\/div>\n<div class=\"pt-cv-meta-fields\"><span class=\"entry-date\"> <time datetime=\"2022-12-09T14:51:45+01:00\">9 d\u00e9cembre 2022<\/time><\/span><span> \/ <\/span><span class=\"terms\"> <a href='https:\/\/bonnin.sitefamille.fr\/?cat=8' title='News' class='pt-cv-tax-news'>News<\/a><\/span><\/div><\/div><\/div>\n<div class=\"col-md-6 col-sm-6 col-xs-12 pt-cv-content-item pt-cv-2-col\" ><div class='pt-cv-ifield'><a href=\"https:\/\/bonnin.sitefamille.fr\/?p=596\" class=\"_self pt-cv-href-thumbnail pt-cv-thumb-left\" target=\"_self\" ><img loading=\"lazy\" decoding=\"async\" width=\"150\" height=\"150\" src=\"https:\/\/bonnin.sitefamille.fr\/wp-content\/uploads\/2021\/12\/img_61cdde5d797a6-150x150.jpeg\" class=\"pt-cv-thumbnail pull-left\" alt=\"\" \/><\/a>\n<h4 class=\"pt-cv-title\"><a href=\"https:\/\/bonnin.sitefamille.fr\/?p=596\" class=\"_self\" target=\"_self\" >JOYEUX NOEL ET HEUREUSE ANNEE 2022<\/a><\/h4>\n<div class=\"pt-cv-content\">Il \u00e9tait une fois un rayon lumineux dans l\u2019Eglise abbatiale de B\u00e9n\u00e9vent l\u2019Abbaye Cette photo, c\u2019est la lumi\u00e8re de No\u00ebl. Il y a de nombreux si\u00e8cles, les b\u00e2tisseurs de notre Eglise abbatiale nous ont fait un clin d\u2019\u0153il. A partir ...<br \/><div class=\"pt-cv-rmwrap\"><a href=\"https:\/\/bonnin.sitefamille.fr\/?p=596\" class=\"_self pt-cv-readmore btn btn-success\" target=\"_self\">Lire La Suite\u2026<\/a><\/div><\/div>\n<div class=\"pt-cv-meta-fields\"><span class=\"entry-date\"> <time datetime=\"2021-12-30T17:30:19+01:00\">30 d\u00e9cembre 2021<\/time><\/span><span> \/ <\/span><span class=\"terms\"> <a href='https:\/\/bonnin.sitefamille.fr\/?cat=8' title='News' class='pt-cv-tax-news'>News<\/a><\/span><\/div><\/div><\/div>\n<div class=\"col-md-6 col-sm-6 col-xs-12 pt-cv-content-item pt-cv-2-col\" ><div class='pt-cv-ifield'><a href=\"https:\/\/bonnin.sitefamille.fr\/?p=588\" class=\"_self pt-cv-href-thumbnail pt-cv-thumb-left\" target=\"_self\" ><img loading=\"lazy\" decoding=\"async\" width=\"150\" height=\"150\" src=\"https:\/\/bonnin.sitefamille.fr\/wp-content\/uploads\/2021\/01\/papa111-150x150.gif\" class=\"pt-cv-thumbnail pull-left\" alt=\"\" \/><\/a>\n<h4 class=\"pt-cv-title\"><a href=\"https:\/\/bonnin.sitefamille.fr\/?p=588\" class=\"_self\" target=\"_self\" >D\u00e9c\u00e8s de G\u00e9rard, papy G\u00e9g\u00e9<\/a><\/h4>\n<div class=\"pt-cv-content\">Cette nouvelle ann\u00e9e commence par des nouvelles bien \u00a0tristes\u00a0: le d\u00e9part de G\u00e9rard Bonnin, l\u2019a\u00een\u00e9 de notre tribu et de Daniel Gonnord de la famille Grellier. A l'aube de ses 94 ans papy G\u00e9g\u00e9 est parti rejoindre mamie Jeannette jeudi ...<br \/><div class=\"pt-cv-rmwrap\"><a href=\"https:\/\/bonnin.sitefamille.fr\/?p=588\" class=\"_self pt-cv-readmore btn btn-success\" target=\"_self\">Lire La Suite\u2026<\/a><\/div><\/div>\n<div class=\"pt-cv-meta-fields\"><span class=\"entry-date\"> <time datetime=\"2021-01-21T10:48:23+01:00\">21 janvier 2021<\/time><\/span><span> \/ <\/span><span class=\"terms\"> <a href='https:\/\/bonnin.sitefamille.fr\/?cat=8' title='News' class='pt-cv-tax-news'>News<\/a><\/span><\/div><\/div><\/div>\n<div class=\"col-md-6 col-sm-6 col-xs-12 pt-cv-content-item pt-cv-2-col\" ><div class='pt-cv-ifield'><a href=\"https:\/\/bonnin.sitefamille.fr\/?p=586\" class=\"_self pt-cv-href-thumbnail pt-cv-thumb-left\" target=\"_self\" ><\/a>\n<h4 class=\"pt-cv-title\"><a href=\"https:\/\/bonnin.sitefamille.fr\/?p=586\" class=\"_self\" target=\"_self\" >D\u00e9c\u00e8s de Daniel Gonnord<\/a><\/h4>\n<div class=\"pt-cv-content\">Daniel\u00a0 est d\u00e9c\u00e9d\u00e9 apr\u00e8s une longue maladie, jeudi matin 14 janvier 2021. Nous garderons de Daniel le souvenir d\u2019un gar\u00e7on agr\u00e9able et discret, accueillant et serviable. Malgr\u00e9 ses souffrances il a fait face sans se plaindre, sereinement. Nous disons \u00e0 ...<br \/><div class=\"pt-cv-rmwrap\"><a href=\"https:\/\/bonnin.sitefamille.fr\/?p=586\" class=\"_self pt-cv-readmore btn btn-success\" target=\"_self\">Lire La Suite\u2026<\/a><\/div><\/div>\n<div class=\"pt-cv-meta-fields\"><span class=\"entry-date\"> <time datetime=\"2021-01-21T10:38:45+01:00\">21 janvier 2021<\/time><\/span><span> \/ <\/span><span class=\"terms\"> <a href='https:\/\/bonnin.sitefamille.fr\/?cat=8' title='News' class='pt-cv-tax-news'>News<\/a><\/span><\/div><\/div><\/div>\n<div class=\"col-md-6 col-sm-6 col-xs-12 pt-cv-content-item pt-cv-2-col\" ><div class='pt-cv-ifield'><a href=\"https:\/\/bonnin.sitefamille.fr\/?p=581\" class=\"_self pt-cv-href-thumbnail pt-cv-thumb-left\" target=\"_self\" ><img loading=\"lazy\" decoding=\"async\" width=\"150\" height=\"150\" src=\"https:\/\/bonnin.sitefamille.fr\/wp-content\/uploads\/2019\/10\/img_5db6a53622243-150x150.png\" class=\"pt-cv-thumbnail pull-left\" alt=\"\" \/><\/a>\n<h4 class=\"pt-cv-title\"><a href=\"https:\/\/bonnin.sitefamille.fr\/?p=581\" class=\"_self\" target=\"_self\" >DATE DES COUSINADES 2020<\/a><\/h4>\n<div class=\"pt-cv-content\">Bonjour \u00e0 tous Pas de choix\u00a0!! Nous sommes coinc\u00e9s entre les \u00e9lections et les Rameaux\u00a0. Vous \u00eates donc invit\u00e9s \u00e0 vous rendre en Creuse \u00e0 B\u00e9n\u00e9vent l\u2019Abbaye le samedi 28 Mars 2020 Des pr\u00e9cisions compl\u00e9mentaires vous seront fournies ult\u00e9rieurement, en ...<br \/><div class=\"pt-cv-rmwrap\"><a href=\"https:\/\/bonnin.sitefamille.fr\/?p=581\" class=\"_self pt-cv-readmore btn btn-success\" target=\"_self\">Lire La Suite\u2026<\/a><\/div><\/div>\n<div class=\"pt-cv-meta-fields\"><span class=\"entry-date\"> <time datetime=\"2019-10-28T09:23:09+01:00\">28 octobre 2019<\/time><\/span><span> \/ <\/span><span class=\"terms\"> <a href='https:\/\/bonnin.sitefamille.fr\/?cat=3' title='Cousinades' class='pt-cv-tax-cousinades'>Cousinades<\/a><\/span><\/div><\/div><\/div>\n<div class=\"col-md-6 col-sm-6 col-xs-12 pt-cv-content-item pt-cv-2-col\" ><div class='pt-cv-ifield'><a href=\"https:\/\/bonnin.sitefamille.fr\/?p=573\" class=\"_self pt-cv-href-thumbnail pt-cv-thumb-left\" target=\"_self\" ><img loading=\"lazy\" decoding=\"async\" width=\"150\" height=\"150\" src=\"https:\/\/bonnin.sitefamille.fr\/wp-content\/uploads\/2019\/09\/Rad\u00e9gonde-Bibard2-150x150.jpg\" class=\"pt-cv-thumbnail pull-left\" alt=\"\" \/><\/a>\n<h4 class=\"pt-cv-title\"><a href=\"https:\/\/bonnin.sitefamille.fr\/?p=573\" class=\"_self\" target=\"_self\" >Rad\u00e9gonde&#8230;<\/a><\/h4>\n<div class=\"pt-cv-content\">Rad\u00e9gonde est partie le 14 septembre 2019 rejoindre son Gabriel. Notre tribu est \u00e0 nouveau en deuil. Elle venait de f\u00eater ses 95 ans. A la maison de retraite d\u2019Argenton les Vall\u00e9es, depuis plus de 4 ans, son \u00e9tat de ...<br \/><div class=\"pt-cv-rmwrap\"><a href=\"https:\/\/bonnin.sitefamille.fr\/?p=573\" class=\"_self pt-cv-readmore btn btn-success\" target=\"_self\">Lire La Suite\u2026<\/a><\/div><\/div>\n<div class=\"pt-cv-meta-fields\"><span class=\"entry-date\"> <time datetime=\"2019-09-23T17:56:08+01:00\">23 septembre 2019<\/time><\/span><span> \/ <\/span><span class=\"terms\"> <a href='https:\/\/bonnin.sitefamille.fr\/?cat=8' title='News' class='pt-cv-tax-news'>News<\/a><\/span><\/div><\/div><\/div>\n<div class=\"col-md-6 col-sm-6 col-xs-12 pt-cv-content-item pt-cv-2-col\" ><div class='pt-cv-ifield'><a href=\"https:\/\/bonnin.sitefamille.fr\/?p=567\" class=\"_self pt-cv-href-thumbnail pt-cv-thumb-left\" target=\"_self\" ><img loading=\"lazy\" decoding=\"async\" width=\"150\" height=\"150\" src=\"https:\/\/bonnin.sitefamille.fr\/wp-content\/uploads\/2014\/01\/parents-Personnalis\u00e9-150x150.jpg\" class=\"pt-cv-thumbnail pull-left\" alt=\"\" \/><\/a>\n<h4 class=\"pt-cv-title\"><a href=\"https:\/\/bonnin.sitefamille.fr\/?p=567\" class=\"_self\" target=\"_self\" >Les parents de grand-m\u00e8re Bonnin (Augustine Blochas) : Fran\u00e7ois Blochas et Augustine Grellier<\/a><\/h4>\n<div class=\"pt-cv-content\">(Lien vers un arbre g\u00e9n\u00e9alogique \u00ab Blochas \u00bb) Un texte de Gabriel Palard, dat\u00e9 du 23 mai 1983 : REGISTRE de la mairie de saint marsault (79) ANN\u00c9E 1855 Le 26 F\u00e9vrier 1855 \u00e0 9 heures du matin est n\u00e9 ...<br \/><div class=\"pt-cv-rmwrap\"><a href=\"https:\/\/bonnin.sitefamille.fr\/?p=567\" class=\"_self pt-cv-readmore btn btn-success\" target=\"_self\">Lire La Suite\u2026<\/a><\/div><\/div>\n<div class=\"pt-cv-meta-fields\"><span class=\"entry-date\"> <time datetime=\"2019-04-01T19:03:12+01:00\">1 avril 2019<\/time><\/span><span> \/ <\/span><span class=\"terms\"> <a href='https:\/\/bonnin.sitefamille.fr\/?cat=6' title='Arbre g\u00e9n\u00e9alogique' class='pt-cv-tax-arbre-genealogique'>Arbre g\u00e9n\u00e9alogique<\/a>, <a href='https:\/\/bonnin.sitefamille.fr\/?cat=9' title='Histoire' class='pt-cv-tax-histoire'>Histoire<\/a>, <a href='https:\/\/bonnin.sitefamille.fr\/?cat=8' title='News' class='pt-cv-tax-news'>News<\/a><\/span><\/div><\/div><\/div>\n<div class=\"col-md-6 col-sm-6 col-xs-12 pt-cv-content-item pt-cv-2-col\" ><div class='pt-cv-ifield'><a href=\"https:\/\/bonnin.sitefamille.fr\/?p=563\" class=\"_self pt-cv-href-thumbnail pt-cv-thumb-left\" target=\"_self\" ><img loading=\"lazy\" decoding=\"async\" width=\"150\" height=\"150\" src=\"https:\/\/bonnin.sitefamille.fr\/wp-content\/uploads\/2019\/03\/img_5c9fd240bf085-150x150.png\" class=\"pt-cv-thumbnail pull-left\" alt=\"\" \/><\/a>\n<h4 class=\"pt-cv-title\"><a href=\"https:\/\/bonnin.sitefamille.fr\/?p=563\" class=\"_self\" target=\"_self\" >Cousinades 2019 : les photos<\/a><\/h4>\n<div class=\"pt-cv-content\">Celles prises par Claude V. sont ICI. Les v\u00f4tres sont attendues \ud83d\ude09 ...<br \/><div class=\"pt-cv-rmwrap\"><a href=\"https:\/\/bonnin.sitefamille.fr\/?p=563\" class=\"_self pt-cv-readmore btn btn-success\" target=\"_self\">Lire La Suite\u2026<\/a><\/div><\/div>\n<div class=\"pt-cv-meta-fields\"><span class=\"entry-date\"> <time datetime=\"2019-03-30T21:33:15+01:00\">30 mars 2019<\/time><\/span><span> \/ <\/span><span class=\"terms\"> <a href='https:\/\/bonnin.sitefamille.fr\/?cat=3' title='Cousinades' class='pt-cv-tax-cousinades'>Cousinades<\/a><\/span><\/div><\/div><\/div>\n<div class=\"col-md-6 col-sm-6 col-xs-12 pt-cv-content-item pt-cv-2-col\" ><div class='pt-cv-ifield'><a href=\"https:\/\/bonnin.sitefamille.fr\/?p=545\" class=\"_self pt-cv-href-thumbnail pt-cv-thumb-left\" target=\"_self\" ><img loading=\"lazy\" decoding=\"async\" width=\"150\" height=\"150\" src=\"https:\/\/bonnin.sitefamille.fr\/wp-content\/uploads\/2019\/03\/img_5c803801c861b-150x150.png\" class=\"pt-cv-thumbnail pull-left\" alt=\"\" \/><\/a>\n<h4 class=\"pt-cv-title\"><a href=\"https:\/\/bonnin.sitefamille.fr\/?p=545\" class=\"_self\" target=\"_self\" >Cousinades 2019<\/a><\/h4>\n<div class=\"pt-cv-content\">Elles ont eu lieu le 24 mars 2019 \u00e0 la Ferme Auberge des Fontaines \u00e0 Chambroutet. D\u00e9j\u00e0 quelques photos dans les albums photos... https:\/\/www.auberge-des-fontaines.fr\/auberge-fontaines.php (\u00e0 St Porchaire, prendre la direction de Chambroutet et c'est sur la gauche apr\u00e8s avoir fait ...<br \/><div class=\"pt-cv-rmwrap\"><a href=\"https:\/\/bonnin.sitefamille.fr\/?p=545\" class=\"_self pt-cv-readmore btn btn-success\" target=\"_self\">Lire La Suite\u2026<\/a><\/div><\/div>\n<div class=\"pt-cv-meta-fields\"><span class=\"entry-date\"> <time datetime=\"2019-02-01T14:25:39+01:00\">1 f\u00e9vrier 2019<\/time><\/span><span> \/ <\/span><span class=\"terms\"> <a href='https:\/\/bonnin.sitefamille.fr\/?cat=3' title='Cousinades' class='pt-cv-tax-cousinades'>Cousinades<\/a><\/span><\/div><\/div><\/div>\n<div class=\"col-md-6 col-sm-6 col-xs-12 pt-cv-content-item pt-cv-2-col\" ><div class='pt-cv-ifield'><a href=\"https:\/\/bonnin.sitefamille.fr\/?p=507\" class=\"_self pt-cv-href-thumbnail pt-cv-thumb-left\" target=\"_self\" ><img loading=\"lazy\" decoding=\"async\" width=\"150\" height=\"150\" src=\"https:\/\/bonnin.sitefamille.fr\/wp-content\/uploads\/2018\/10\/img_5bb8aeb97fb69-150x150.png\" class=\"pt-cv-thumbnail pull-left\" alt=\"\" \/><\/a>\n<h4 class=\"pt-cv-title\"><a href=\"https:\/\/bonnin.sitefamille.fr\/?p=507\" class=\"_self\" target=\"_self\" >Anne Marie et Jacques f\u00eataient leurs  noces d\u2019or ce 1er septembre 2018&#8230;<\/a><\/h4>\n<div class=\"pt-cv-content\">Le 12 Juillet 1968 Christiane et Dominique mariaient leur fille Anne Marie au Pin avec Jacques ALBERT. 50 ans plus tard, le 1er septembre 2018 Anne Marie et Jacques f\u00eataient leurs\u00a0 noces d\u2019or, entour\u00e9s de leur belle descendance,\u00a0enfants et petits-enfants, ...<br \/><div class=\"pt-cv-rmwrap\"><a href=\"https:\/\/bonnin.sitefamille.fr\/?p=507\" class=\"_self pt-cv-readmore btn btn-success\" target=\"_self\">Lire La Suite\u2026<\/a><\/div><\/div>\n<div class=\"pt-cv-meta-fields\"><span class=\"entry-date\"> <time datetime=\"2018-10-06T13:52:59+01:00\">6 octobre 2018<\/time><\/span><span> \/ <\/span><span class=\"terms\"> <a href='https:\/\/bonnin.sitefamille.fr\/?cat=8' title='News' class='pt-cv-tax-news'>News<\/a><\/span><\/div><\/div><\/div>\n<div class=\"col-md-6 col-sm-6 col-xs-12 pt-cv-content-item pt-cv-2-col\" ><div class='pt-cv-ifield'><a href=\"https:\/\/bonnin.sitefamille.fr\/?p=498\" class=\"_self pt-cv-href-thumbnail pt-cv-thumb-left\" target=\"_self\" ><img loading=\"lazy\" decoding=\"async\" width=\"150\" height=\"150\" src=\"https:\/\/bonnin.sitefamille.fr\/wp-content\/uploads\/2018\/03\/cousinadesBonnin2018Coulon-150x150.jpg\" class=\"pt-cv-thumbnail pull-left\" alt=\"\" \/><\/a>\n<h4 class=\"pt-cv-title\"><a href=\"https:\/\/bonnin.sitefamille.fr\/?p=498\" class=\"_self\" target=\"_self\" >Cousinades 2018 &#8211; Coulon Marais poitevin<\/a><\/h4>\n<div class=\"pt-cv-content\"> ...<br \/><div class=\"pt-cv-rmwrap\"><a href=\"https:\/\/bonnin.sitefamille.fr\/?p=498\" class=\"_self pt-cv-readmore btn btn-success\" target=\"_self\">Lire La Suite\u2026<\/a><\/div><\/div>\n<div class=\"pt-cv-meta-fields\"><span class=\"entry-date\"> <time datetime=\"2018-03-26T08:30:47+01:00\">26 mars 2018<\/time><\/span><span> \/ <\/span><span class=\"terms\"> <a href='https:\/\/bonnin.sitefamille.fr\/?cat=3' title='Cousinades' class='pt-cv-tax-cousinades'>Cousinades<\/a><\/span><\/div><\/div><\/div>\n<div class=\"col-md-6 col-sm-6 col-xs-12 pt-cv-content-item pt-cv-2-col\" ><div class='pt-cv-ifield'><a href=\"https:\/\/bonnin.sitefamille.fr\/?p=494\" class=\"_self pt-cv-href-thumbnail pt-cv-thumb-left\" target=\"_self\" ><img loading=\"lazy\" decoding=\"async\" width=\"150\" height=\"150\" src=\"https:\/\/bonnin.sitefamille.fr\/wp-content\/uploads\/2018\/01\/Jeanne-150x150.jpg\" class=\"pt-cv-thumbnail pull-left\" alt=\"\" \/><\/a>\n<h4 class=\"pt-cv-title\"><a href=\"https:\/\/bonnin.sitefamille.fr\/?p=494\" class=\"_self\" target=\"_self\" >Mamie Jeannette&#8230;<\/a><\/h4>\n<div class=\"pt-cv-content\">Mamie Jeannette est d\u00e9c\u00e9d\u00e9e, le 18 janvier 2018 Ses cendres sont au cimeti\u00e8re Grand Croix Route de Coulonges, \u00e0 Niort. Les textes et vid\u00e9o de sa s\u00e9pulture sont\u00a0ici ...<br \/><div class=\"pt-cv-rmwrap\"><a href=\"https:\/\/bonnin.sitefamille.fr\/?p=494\" class=\"_self pt-cv-readmore btn btn-success\" target=\"_self\">Lire La Suite\u2026<\/a><\/div><\/div>\n<div class=\"pt-cv-meta-fields\"><span class=\"entry-date\"> <time datetime=\"2018-01-26T21:55:06+01:00\">26 janvier 2018<\/time><\/span><span> \/ <\/span><span class=\"terms\"> <a href='https:\/\/bonnin.sitefamille.fr\/?cat=8' title='News' class='pt-cv-tax-news'>News<\/a><\/span><\/div><\/div><\/div>\n<div class=\"col-md-6 col-sm-6 col-xs-12 pt-cv-content-item pt-cv-2-col\" ><div class='pt-cv-ifield'><a href=\"https:\/\/bonnin.sitefamille.fr\/?p=488\" class=\"_self pt-cv-href-thumbnail pt-cv-thumb-left\" target=\"_self\" ><img loading=\"lazy\" decoding=\"async\" width=\"150\" height=\"150\" src=\"https:\/\/bonnin.sitefamille.fr\/wp-content\/uploads\/2017\/12\/1967-150x150.jpg\" class=\"pt-cv-thumbnail pull-left\" alt=\"\" \/><\/a>\n<h4 class=\"pt-cv-title\"><a href=\"https:\/\/bonnin.sitefamille.fr\/?p=488\" class=\"_self\" target=\"_self\" >Il y a 50 ans&#8230;<\/a><\/h4>\n<div class=\"pt-cv-content\">Il pleuvait le\u00a0 4 Novembre 1967, c\u2019\u00e9tait la f\u00eate \u00e0 Bressuire. Parents et amis \u00e9taient rassembl\u00e9s pour le mariage de Marie Andr\u00e9e et Robert\u00a0; \u00a0et l\u2019on se disait sous les parapluies, mariage pluvieux, mariage heureux\u00a0! 50 ans plus tard, ce ...<br \/><div class=\"pt-cv-rmwrap\"><a href=\"https:\/\/bonnin.sitefamille.fr\/?p=488\" class=\"_self pt-cv-readmore btn btn-success\" target=\"_self\">Lire La Suite\u2026<\/a><\/div><\/div>\n<div class=\"pt-cv-meta-fields\"><span class=\"entry-date\"> <time datetime=\"2017-12-05T15:17:49+01:00\">5 d\u00e9cembre 2017<\/time><\/span><span> \/ <\/span><span class=\"terms\"> <a href='https:\/\/bonnin.sitefamille.fr\/?cat=8' title='News' class='pt-cv-tax-news'>News<\/a><\/span><\/div><\/div><\/div>\n<div class=\"col-md-6 col-sm-6 col-xs-12 pt-cv-content-item pt-cv-2-col\" ><div class='pt-cv-ifield'><a href=\"https:\/\/bonnin.sitefamille.fr\/?p=484\" class=\"_self pt-cv-href-thumbnail pt-cv-thumb-left\" target=\"_self\" ><img loading=\"lazy\" decoding=\"async\" width=\"150\" height=\"150\" src=\"https:\/\/bonnin.sitefamille.fr\/wp-content\/uploads\/2017\/11\/img_5a1d95bed10f9-150x150.png\" class=\"pt-cv-thumbnail pull-left\" alt=\"\" \/><\/a>\n<h4 class=\"pt-cv-title\"><a href=\"https:\/\/bonnin.sitefamille.fr\/?p=484\" class=\"_self\" target=\"_self\" >Cousinades 2018<\/a><\/h4>\n<div class=\"pt-cv-content\">La date est maintenant d\u00e9finitive : Le Dimanche 25 mars 2018, 12h-18h, \"dans le marais poitevin\". Les pr\u00e9cisions quant au lieu et au(x) menu(s) arriveront \"en temps utile\" ! ...<br \/><div class=\"pt-cv-rmwrap\"><a href=\"https:\/\/bonnin.sitefamille.fr\/?p=484\" class=\"_self pt-cv-readmore btn btn-success\" target=\"_self\">Lire La Suite\u2026<\/a><\/div><\/div>\n<div class=\"pt-cv-meta-fields\"><span class=\"entry-date\"> <time datetime=\"2017-11-28T17:59:46+01:00\">28 novembre 2017<\/time><\/span><span> \/ <\/span><span class=\"terms\"> <a href='https:\/\/bonnin.sitefamille.fr\/?cat=3' title='Cousinades' class='pt-cv-tax-cousinades'>Cousinades<\/a><\/span><\/div><\/div><\/div>\n<div class=\"col-md-6 col-sm-6 col-xs-12 pt-cv-content-item pt-cv-2-col\" ><div class='pt-cv-ifield'><a href=\"https:\/\/bonnin.sitefamille.fr\/?p=477\" class=\"_self pt-cv-href-thumbnail pt-cv-thumb-left\" target=\"_self\" ><img loading=\"lazy\" decoding=\"async\" width=\"150\" height=\"150\" src=\"https:\/\/bonnin.sitefamille.fr\/wp-content\/uploads\/2017\/07\/bougies-150x150.jpg\" class=\"pt-cv-thumbnail pull-left\" alt=\"\" \/><\/a>\n<h4 class=\"pt-cv-title\"><a href=\"https:\/\/bonnin.sitefamille.fr\/?p=477\" class=\"_self\" target=\"_self\" >150 ans !<\/a><\/h4>\n<div class=\"pt-cv-content\">Dans la tribu BONNIN je tire la famille GERARD et JEANNE, et je choisis le chiffre 150 !! Que l'on peut aussi \u00e9crire 90 + 60 . Vous l'avez compris nous f\u00eations ce 9 juillet 2017 deux anniversaires : celui ...<br \/><div class=\"pt-cv-rmwrap\"><a href=\"https:\/\/bonnin.sitefamille.fr\/?p=477\" class=\"_self pt-cv-readmore btn btn-success\" target=\"_self\">Lire La Suite\u2026<\/a><\/div><\/div>\n<div class=\"pt-cv-meta-fields\"><span class=\"entry-date\"> <time datetime=\"2017-07-15T09:44:04+01:00\">15 juillet 2017<\/time><\/span><span> \/ <\/span><span class=\"terms\"> <a href='https:\/\/bonnin.sitefamille.fr\/?cat=8' title='News' class='pt-cv-tax-news'>News<\/a><\/span><\/div><\/div><\/div>\n<div class=\"col-md-6 col-sm-6 col-xs-12 pt-cv-content-item pt-cv-2-col\" ><div class='pt-cv-ifield'><a href=\"https:\/\/bonnin.sitefamille.fr\/?p=465\" class=\"_self pt-cv-href-thumbnail pt-cv-thumb-left\" target=\"_self\" ><img loading=\"lazy\" decoding=\"async\" width=\"150\" height=\"150\" src=\"https:\/\/bonnin.sitefamille.fr\/wp-content\/uploads\/2014\/12\/img_54a307470588b-150x150.png\" class=\"pt-cv-thumbnail pull-left\" alt=\"\" \/><\/a>\n<h4 class=\"pt-cv-title\"><a href=\"https:\/\/bonnin.sitefamille.fr\/?p=465\" class=\"_self\" target=\"_self\" >Agrandissement de tribu&#8230;<\/a><\/h4>\n<div class=\"pt-cv-content\">Une nouvelle naissance dans la tribu, chez Audrey et Thomas. Agathe est n\u00e9e le 25 avril 2017 \u00e0 Bressuire. C'est l'arri\u00e8re petite fille de Marie Andr\u00e9e et Robert Landreau, et la petite fille d'Isabelle et J\u00e9r\u00f4me Bourcier. Voici la 3\u00e8me ...<br \/><div class=\"pt-cv-rmwrap\"><a href=\"https:\/\/bonnin.sitefamille.fr\/?p=465\" class=\"_self pt-cv-readmore btn btn-success\" target=\"_self\">Lire La Suite\u2026<\/a><\/div><\/div>\n<div class=\"pt-cv-meta-fields\"><span class=\"entry-date\"> <time datetime=\"2017-05-03T12:53:43+01:00\">3 mai 2017<\/time><\/span><span> \/ <\/span><span class=\"terms\"> <a href='https:\/\/bonnin.sitefamille.fr\/?cat=2' title='Naissance' class='pt-cv-tax-naissance'>Naissance<\/a><\/span><\/div><\/div><\/div>\n<div class=\"col-md-6 col-sm-6 col-xs-12 pt-cv-content-item pt-cv-2-col\" ><div class='pt-cv-ifield'><a href=\"https:\/\/bonnin.sitefamille.fr\/?p=461\" class=\"_self pt-cv-href-thumbnail pt-cv-thumb-left\" target=\"_self\" ><img loading=\"lazy\" decoding=\"async\" width=\"150\" height=\"150\" src=\"https:\/\/bonnin.sitefamille.fr\/wp-content\/uploads\/2017\/05\/Cousinades-Bonnin-2017-1-Personnalis\u00e9-150x150.jpg\" class=\"pt-cv-thumbnail pull-left\" alt=\"\" \/><\/a>\n<h4 class=\"pt-cv-title\"><a href=\"https:\/\/bonnin.sitefamille.fr\/?p=461\" class=\"_self\" target=\"_self\" >Cousinades 2017 \u00e0 Bocap\u00f4le<\/a><\/h4>\n<div class=\"pt-cv-content\">Fid\u00e8les \u00e0 la tradition nous \u00e9tions,43 \u00a0les cousines, cousins, oncles et tantes \u00e0 nous retrouver ce dimanche 2 Avril \u00e0 Bressuire. Merci \u00e0 la famille Bibard qui, malgr\u00e9 le d\u00e9c\u00e8s de leur p\u00e8re, ont su organiser cette journ\u00e9e. Apr\u00e8s un ...<br \/><div class=\"pt-cv-rmwrap\"><a href=\"https:\/\/bonnin.sitefamille.fr\/?p=461\" class=\"_self pt-cv-readmore btn btn-success\" target=\"_self\">Lire La Suite\u2026<\/a><\/div><\/div>\n<div class=\"pt-cv-meta-fields\"><span class=\"entry-date\"> <time datetime=\"2017-05-02T14:44:41+01:00\">2 mai 2017<\/time><\/span><span> \/ <\/span><span class=\"terms\"> <a href='https:\/\/bonnin.sitefamille.fr\/?cat=3' title='Cousinades' class='pt-cv-tax-cousinades'>Cousinades<\/a><\/span><\/div><\/div><\/div>\n<div class=\"col-md-6 col-sm-6 col-xs-12 pt-cv-content-item pt-cv-2-col\" ><div class='pt-cv-ifield'><a href=\"https:\/\/bonnin.sitefamille.fr\/?p=450\" class=\"_self pt-cv-href-thumbnail pt-cv-thumb-left\" target=\"_self\" ><img loading=\"lazy\" decoding=\"async\" width=\"150\" height=\"150\" src=\"https:\/\/bonnin.sitefamille.fr\/wp-content\/uploads\/2017\/04\/Gabriel2017-150x150.jpg\" class=\"pt-cv-thumbnail pull-left\" alt=\"\" \/><\/a>\n<h4 class=\"pt-cv-title\"><a href=\"https:\/\/bonnin.sitefamille.fr\/?p=450\" class=\"_self\" target=\"_self\" >Gabriel BIBARD nous a quitt\u00e9&#8230;<\/a><\/h4>\n<div class=\"pt-cv-content\">Gabriel BIBARD nous a quitt\u00e9 le 24 mars. Il venait de f\u00eater le 27 novembre dernier ses 95 ans et leurs 70 ans de mariage avec Radegonde. Nous \u00e9tions tr\u00e8s nombreux de la famille \u00e0 assister \u00e0 sa s\u00e9pulture le ...<br \/><div class=\"pt-cv-rmwrap\"><a href=\"https:\/\/bonnin.sitefamille.fr\/?p=450\" class=\"_self pt-cv-readmore btn btn-success\" target=\"_self\">Lire La Suite\u2026<\/a><\/div><\/div>\n<div class=\"pt-cv-meta-fields\"><span class=\"entry-date\"> <time datetime=\"2017-04-12T09:49:38+01:00\">12 avril 2017<\/time><\/span><span> \/ <\/span><span class=\"terms\"> <a href='https:\/\/bonnin.sitefamille.fr\/?cat=8' title='News' class='pt-cv-tax-news'>News<\/a><\/span><\/div><\/div><\/div>\n<div class=\"col-md-6 col-sm-6 col-xs-12 pt-cv-content-item pt-cv-2-col\" ><div class='pt-cv-ifield'><a href=\"https:\/\/bonnin.sitefamille.fr\/?p=448\" class=\"_self pt-cv-href-thumbnail pt-cv-thumb-left\" target=\"_self\" ><img loading=\"lazy\" decoding=\"async\" width=\"150\" height=\"150\" src=\"https:\/\/bonnin.sitefamille.fr\/wp-content\/uploads\/2014\/12\/img_54a307470588b-150x150.png\" class=\"pt-cv-thumbnail pull-left\" alt=\"\" \/><\/a>\n<h4 class=\"pt-cv-title\"><a href=\"https:\/\/bonnin.sitefamille.fr\/?p=448\" class=\"_self\" target=\"_self\" >Naissance&#8230;<\/a><\/h4>\n<div class=\"pt-cv-content\">Marie Annick ( Georges et Paulette ) et Pierre Marie Lebreton viennent de f\u00eater leur premier titre de grands-parents. Leur fils ain\u00e9 Fran\u00e7ois et son amie Sarah Bagault\u00a0 nous annoncent la naissance de \u00a0Jade le 22 f\u00e9vrier 2017 Ils habitent ...<br \/><div class=\"pt-cv-rmwrap\"><a href=\"https:\/\/bonnin.sitefamille.fr\/?p=448\" class=\"_self pt-cv-readmore btn btn-success\" target=\"_self\">Lire La Suite\u2026<\/a><\/div><\/div>\n<div class=\"pt-cv-meta-fields\"><span class=\"entry-date\"> <time datetime=\"2017-04-12T09:46:33+01:00\">12 avril 2017<\/time><\/span><span> \/ <\/span><span class=\"terms\"> <a href='https:\/\/bonnin.sitefamille.fr\/?cat=2' title='Naissance' class='pt-cv-tax-naissance'>Naissance<\/a><\/span><\/div><\/div><\/div>\n<div class=\"col-md-6 col-sm-6 col-xs-12 pt-cv-content-item pt-cv-2-col\" ><div class='pt-cv-ifield'><a href=\"https:\/\/bonnin.sitefamille.fr\/?p=420\" class=\"_self pt-cv-href-thumbnail pt-cv-thumb-left\" target=\"_self\" ><img loading=\"lazy\" decoding=\"async\" width=\"150\" height=\"150\" src=\"https:\/\/bonnin.sitefamille.fr\/wp-content\/uploads\/2017\/02\/img_589b5dbc96eb5-150x150.png\" class=\"pt-cv-thumbnail pull-left\" alt=\"\" srcset=\"https:\/\/bonnin.sitefamille.fr\/wp-content\/uploads\/2017\/02\/img_589b5dbc96eb5-150x150.png 150w, https:\/\/bonnin.sitefamille.fr\/wp-content\/uploads\/2017\/02\/img_589b5dbc96eb5-300x300.png 300w, https:\/\/bonnin.sitefamille.fr\/wp-content\/uploads\/2017\/02\/img_589b5dbc96eb5.png 765w\" sizes=\"auto, (max-width: 150px) 100vw, 150px\" \/><\/a>\n<h4 class=\"pt-cv-title\"><a href=\"https:\/\/bonnin.sitefamille.fr\/?p=420\" class=\"_self\" target=\"_self\" >90 ans de papy G\u00e9g\u00e9 !<\/a><\/h4>\n<div class=\"pt-cv-content\">6 F\u00e9vrier 2017 : papy G\u00e9g\u00e9 a\u00a090 ans. C\u2019est d\u00e8s 0h30 ce lundi 6 f\u00e9vrier, que papy a arros\u00e9 ses 90 printemps : une fuite d\u2019eau a inond\u00e9 une partie du rez de chauss\u00e9 de la maison de la route ...<br \/><div class=\"pt-cv-rmwrap\"><a href=\"https:\/\/bonnin.sitefamille.fr\/?p=420\" class=\"_self pt-cv-readmore btn btn-success\" target=\"_self\">Lire La Suite\u2026<\/a><\/div><\/div>\n<div class=\"pt-cv-meta-fields\"><span class=\"entry-date\"> <time datetime=\"2017-02-08T19:06:54+01:00\">8 f\u00e9vrier 2017<\/time><\/span><span> \/ <\/span><span class=\"terms\"> <a href='https:\/\/bonnin.sitefamille.fr\/?cat=8' title='News' class='pt-cv-tax-news'>News<\/a><\/span><\/div><\/div><\/div>\n<div class=\"col-md-6 col-sm-6 col-xs-12 pt-cv-content-item pt-cv-2-col\" ><div class='pt-cv-ifield'><a href=\"https:\/\/bonnin.sitefamille.fr\/?p=403\" class=\"_self pt-cv-href-thumbnail pt-cv-thumb-left\" target=\"_self\" ><img loading=\"lazy\" decoding=\"async\" width=\"150\" height=\"150\" src=\"https:\/\/bonnin.sitefamille.fr\/wp-content\/uploads\/2016\/12\/img_5867c0b4ccf7b-150x150.png\" class=\"pt-cv-thumbnail pull-left\" alt=\"\" \/><\/a>\n<h4 class=\"pt-cv-title\"><a href=\"https:\/\/bonnin.sitefamille.fr\/?p=403\" class=\"_self\" target=\"_self\" >Tous nos v\u0153ux pour 2017 !<\/a><\/h4>\n<div class=\"pt-cv-content\"> ...<br \/><div class=\"pt-cv-rmwrap\"><a href=\"https:\/\/bonnin.sitefamille.fr\/?p=403\" class=\"_self pt-cv-readmore btn btn-success\" target=\"_self\">Lire La Suite\u2026<\/a><\/div><\/div>\n<div class=\"pt-cv-meta-fields\"><span class=\"entry-date\"> <time datetime=\"2016-12-31T15:29:42+01:00\">31 d\u00e9cembre 2016<\/time><\/span><span> \/ <\/span><span class=\"terms\"> <a href='https:\/\/bonnin.sitefamille.fr\/?cat=8' title='News' class='pt-cv-tax-news'>News<\/a><\/span><\/div><\/div><\/div>\n<div class=\"col-md-6 col-sm-6 col-xs-12 pt-cv-content-item pt-cv-2-col\" ><div class='pt-cv-ifield'><a href=\"https:\/\/bonnin.sitefamille.fr\/?p=394\" class=\"_self pt-cv-href-thumbnail pt-cv-thumb-left\" target=\"_self\" ><\/a>\n<h4 class=\"pt-cv-title\"><a href=\"https:\/\/bonnin.sitefamille.fr\/?p=394\" class=\"_self\" target=\"_self\" >70 ans de mariage !<\/a><\/h4>\n<div class=\"pt-cv-content\">Un \u00e9v\u00e8nement dans la famille BIBARD. Tous (ou presque), enfants, petits enfants, arri\u00e8res petits enfants \u00e9taient rassembl\u00e9s ce dimanche 27 Novembre 2016 pour f\u00eater les noces de platine de Radegonde et Gabriel. 70 ans de mariage ! Ils s'\u00e9taient mari\u00e9s ...<br \/><div class=\"pt-cv-rmwrap\"><a href=\"https:\/\/bonnin.sitefamille.fr\/?p=394\" class=\"_self pt-cv-readmore btn btn-success\" target=\"_self\">Lire La Suite\u2026<\/a><\/div><\/div>\n<div class=\"pt-cv-meta-fields\"><span class=\"entry-date\"> <time datetime=\"2016-12-01T19:59:34+01:00\">1 d\u00e9cembre 2016<\/time><\/span><span> \/ <\/span><span class=\"terms\"> <a href='https:\/\/bonnin.sitefamille.fr\/?cat=8' title='News' class='pt-cv-tax-news'>News<\/a><\/span><\/div><\/div><\/div>\n<div class=\"col-md-6 col-sm-6 col-xs-12 pt-cv-content-item pt-cv-2-col\" ><div class='pt-cv-ifield'><a href=\"https:\/\/bonnin.sitefamille.fr\/?p=367\" class=\"_self pt-cv-href-thumbnail pt-cv-thumb-left\" target=\"_self\" ><\/a>\n<h4 class=\"pt-cv-title\"><a href=\"https:\/\/bonnin.sitefamille.fr\/?p=367\" class=\"_self\" target=\"_self\" >Automne 2016 : que se passe-il dans la tribu Bonnin ?   Voici quelques nouvelles&#8230;<\/a><\/h4>\n<div class=\"pt-cv-content\">Des nouvelles de la 1\u00e8re g\u00e9n\u00e9ration : Gabriel Bibard (95 ans le 27 novembre) et Radegonde Bibard (93 ans le 8 juillet) apr\u00e8s de longues ann\u00e9es \u00e0 Montpensier et \u00e0 la Fourchette (Breuil Chauss\u00e9e et Terves) sont maintenant \u00e0 la ...<br \/><div class=\"pt-cv-rmwrap\"><a href=\"https:\/\/bonnin.sitefamille.fr\/?p=367\" class=\"_self pt-cv-readmore btn btn-success\" target=\"_self\">Lire La Suite\u2026<\/a><\/div><\/div>\n<div class=\"pt-cv-meta-fields\"><span class=\"entry-date\"> <time datetime=\"2016-10-17T17:25:26+01:00\">17 octobre 2016<\/time><\/span><span> \/ <\/span><span class=\"terms\"> <a href='https:\/\/bonnin.sitefamille.fr\/?cat=8' title='News' class='pt-cv-tax-news'>News<\/a><\/span><\/div><\/div><\/div>\n<div class=\"col-md-6 col-sm-6 col-xs-12 pt-cv-content-item pt-cv-2-col\" ><div class='pt-cv-ifield'><a href=\"https:\/\/bonnin.sitefamille.fr\/?p=349\" class=\"_self pt-cv-href-thumbnail pt-cv-thumb-left\" target=\"_self\" ><\/a>\n<h4 class=\"pt-cv-title\"><a href=\"https:\/\/bonnin.sitefamille.fr\/?p=349\" class=\"_self\" target=\"_self\" >Cousinades 2016, le compte rendu !<\/a><\/h4>\n<div class=\"pt-cv-content\">Comme d'habitude la \u00a0cuv\u00e9e des cousinades 2016 s'est d\u00e9roul\u00e9e dans une ambiance toujours aussi sympathique. Nous \u00e9tions 40 \u00e0 Massais pr\u00e8s de Thouars au restaurant Le Bois Joli. D'autres photos\u00a0ICI Merci aux organisateurs la famille Georges et Paulette : Louisette, ...<br \/><div class=\"pt-cv-rmwrap\"><a href=\"https:\/\/bonnin.sitefamille.fr\/?p=349\" class=\"_self pt-cv-readmore btn btn-success\" target=\"_self\">Lire La Suite\u2026<\/a><\/div><\/div>\n<div class=\"pt-cv-meta-fields\"><span class=\"entry-date\"> <time datetime=\"2016-05-09T13:19:47+01:00\">9 mai 2016<\/time><\/span><span> \/ <\/span><span class=\"terms\"> <a href='https:\/\/bonnin.sitefamille.fr\/?cat=3' title='Cousinades' class='pt-cv-tax-cousinades'>Cousinades<\/a><\/span><\/div><\/div><\/div>\n<div class=\"col-md-6 col-sm-6 col-xs-12 pt-cv-content-item pt-cv-2-col\" ><div class='pt-cv-ifield'><a href=\"https:\/\/bonnin.sitefamille.fr\/?p=344\" class=\"_self pt-cv-href-thumbnail pt-cv-thumb-left\" target=\"_self\" ><\/a>\n<h4 class=\"pt-cv-title\"><a href=\"https:\/\/bonnin.sitefamille.fr\/?p=344\" class=\"_self\" target=\"_self\" >Agrandissement de tribu du c\u00f4t\u00e9 de papy G\u00e9g\u00e9<\/a><\/h4>\n<div class=\"pt-cv-content\">Augustin Texier fr\u00e8re de Fernand, fils de de Marieke et Matthieu Texier, petit fils de Claude et Christine Bonnin, arri\u00e8re petit fils de Papy G\u00e9g\u00e9 et mamie G\u00e9gette est n\u00e9 le 11 octobre 2015 ...<br \/><div class=\"pt-cv-rmwrap\"><a href=\"https:\/\/bonnin.sitefamille.fr\/?p=344\" class=\"_self pt-cv-readmore btn btn-success\" target=\"_self\">Lire La Suite\u2026<\/a><\/div><\/div>\n<div class=\"pt-cv-meta-fields\"><span class=\"entry-date\"> <time datetime=\"2016-04-19T21:08:03+01:00\">19 avril 2016<\/time><\/span><span> \/ <\/span><span class=\"terms\"> <a href='https:\/\/bonnin.sitefamille.fr\/?cat=2' title='Naissance' class='pt-cv-tax-naissance'>Naissance<\/a><\/span><\/div><\/div><\/div>\n<div class=\"col-md-6 col-sm-6 col-xs-12 pt-cv-content-item pt-cv-2-col\" ><div class='pt-cv-ifield'><a href=\"https:\/\/bonnin.sitefamille.fr\/?p=338\" class=\"_self pt-cv-href-thumbnail pt-cv-thumb-left\" target=\"_self\" ><\/a>\n<h4 class=\"pt-cv-title\"><a href=\"https:\/\/bonnin.sitefamille.fr\/?p=338\" class=\"_self\" target=\"_self\" >Agrandissement de tribu : du c\u00f4t\u00e9 de Jean Marie et Danielle B.<\/a><\/h4>\n<div class=\"pt-cv-content\">Communiqu\u00e9 des grands parents Danielle et Jean-Marie : Faustine, Lucas, et Delphine et Arnaud ses parents, vous annoncent la naissance de SIMON, le 12 Janvier 2016 \u00e0 Nantes ...<br \/><div class=\"pt-cv-rmwrap\"><a href=\"https:\/\/bonnin.sitefamille.fr\/?p=338\" class=\"_self pt-cv-readmore btn btn-success\" target=\"_self\">Lire La Suite\u2026<\/a><\/div><\/div>\n<div class=\"pt-cv-meta-fields\"><span class=\"entry-date\"> <time datetime=\"2016-03-29T09:06:12+01:00\">29 mars 2016<\/time><\/span><span> \/ <\/span><span class=\"terms\"> <a href='https:\/\/bonnin.sitefamille.fr\/?cat=2' title='Naissance' class='pt-cv-tax-naissance'>Naissance<\/a><\/span><\/div><\/div><\/div>\n<div class=\"col-md-6 col-sm-6 col-xs-12 pt-cv-content-item pt-cv-2-col\" ><div class='pt-cv-ifield'><a href=\"https:\/\/bonnin.sitefamille.fr\/?p=331\" class=\"_self pt-cv-href-thumbnail pt-cv-thumb-left\" target=\"_self\" ><\/a>\n<h4 class=\"pt-cv-title\"><a href=\"https:\/\/bonnin.sitefamille.fr\/?p=331\" class=\"_self\" target=\"_self\" >Cousinades 2016 !<\/a><\/h4>\n<div class=\"pt-cv-content\">Organis\u00e9es par la famille Lalu, ici : Le\u00a0dimanche 17 avril Exactement l\u00e0 : Au restaurant Le Bois Joli de Massais (entre Argenton Les Vall\u00e9es et Thouars) RV \u00e0 12h30 pour l'ap\u00e9ro Merci de donner votre r\u00e9ponse avant le 7 avril ...<br \/><div class=\"pt-cv-rmwrap\"><a href=\"https:\/\/bonnin.sitefamille.fr\/?p=331\" class=\"_self pt-cv-readmore btn btn-success\" target=\"_self\">Lire La Suite\u2026<\/a><\/div><\/div>\n<div class=\"pt-cv-meta-fields\"><span class=\"entry-date\"> <time datetime=\"2016-03-23T09:19:03+01:00\">23 mars 2016<\/time><\/span><span> \/ <\/span><span class=\"terms\"> <a href='https:\/\/bonnin.sitefamille.fr\/?cat=3' title='Cousinades' class='pt-cv-tax-cousinades'>Cousinades<\/a><\/span><\/div><\/div><\/div>\n<div class=\"col-md-6 col-sm-6 col-xs-12 pt-cv-content-item pt-cv-2-col\" ><div class='pt-cv-ifield'><a href=\"https:\/\/bonnin.sitefamille.fr\/?p=315\" class=\"_self pt-cv-href-thumbnail pt-cv-thumb-left\" target=\"_self\" ><\/a>\n<h4 class=\"pt-cv-title\"><a href=\"https:\/\/bonnin.sitefamille.fr\/?p=315\" class=\"_self\" target=\"_self\" >Agrandissement de tribu<\/a><\/h4>\n<div class=\"pt-cv-content\">Christiane et Andr\u00e9 sont heureux de vous annoncer la naissance de leur petit fils MARTIN il est n\u00e9 le 17 ao\u00fbt il p\u00e8se 4kg090 Zo\u00e9 est tr\u00e8s fi\u00e8re de son petit fr\u00e8re Carl et Emmanuelle CHAMEREAU 79260 LA CRECHE ...<br \/><div class=\"pt-cv-rmwrap\"><a href=\"https:\/\/bonnin.sitefamille.fr\/?p=315\" class=\"_self pt-cv-readmore btn btn-success\" target=\"_self\">Lire La Suite\u2026<\/a><\/div><\/div>\n<div class=\"pt-cv-meta-fields\"><span class=\"entry-date\"> <time datetime=\"2015-09-02T09:02:15+01:00\">2 septembre 2015<\/time><\/span><span> \/ <\/span><span class=\"terms\"> <a href='https:\/\/bonnin.sitefamille.fr\/?cat=2' title='Naissance' class='pt-cv-tax-naissance'>Naissance<\/a><\/span><\/div><\/div><\/div>\n<div class=\"col-md-6 col-sm-6 col-xs-12 pt-cv-content-item pt-cv-2-col\" ><div class='pt-cv-ifield'><a href=\"https:\/\/bonnin.sitefamille.fr\/?p=256\" class=\"_self pt-cv-href-thumbnail pt-cv-thumb-left\" target=\"_self\" ><\/a>\n<h4 class=\"pt-cv-title\"><a href=\"https:\/\/bonnin.sitefamille.fr\/?p=256\" class=\"_self\" target=\"_self\" >Cousinades 2015&#8230;<\/a><\/h4>\n<div class=\"pt-cv-content\">Coucou \u00e0 tous ! Certains s'inqui\u00e8tent des cousinades. Je n'ai pas oubli\u00e9. (vous savez dans la famille Bonnin on a toujours le temps, mais l'essentiel c'est d'arriver) Rendez-vous donc le 22 Mars vers 12h30 au restaurant \"Le Relais\" 7 route ...<br \/><div class=\"pt-cv-rmwrap\"><a href=\"https:\/\/bonnin.sitefamille.fr\/?p=256\" class=\"_self pt-cv-readmore btn btn-success\" target=\"_self\">Lire La Suite\u2026<\/a><\/div><\/div>\n<div class=\"pt-cv-meta-fields\"><span class=\"entry-date\"> <time datetime=\"2015-03-04T21:58:48+01:00\">4 mars 2015<\/time><\/span><span> \/ <\/span><span class=\"terms\"> <a href='https:\/\/bonnin.sitefamille.fr\/?cat=3' title='Cousinades' class='pt-cv-tax-cousinades'>Cousinades<\/a><\/span><\/div><\/div><\/div>\n<div class=\"col-md-6 col-sm-6 col-xs-12 pt-cv-content-item pt-cv-2-col\" ><div class='pt-cv-ifield'><a href=\"https:\/\/bonnin.sitefamille.fr\/?p=210\" class=\"_self pt-cv-href-thumbnail pt-cv-thumb-left\" target=\"_self\" ><\/a>\n<h4 class=\"pt-cv-title\"><a href=\"https:\/\/bonnin.sitefamille.fr\/?p=210\" class=\"_self\" target=\"_self\" >2015&#8230;<\/a><\/h4>\n<div class=\"pt-cv-content\">Mission accomplie : le P\u00e8re No\u00ebl est reparti dans son lointain pays ! Voici 2015 et son \"rendez-vous en terre inconnue \" C'est le moment de faire des souhaits et d'esp\u00e9rer que ce sera bien ! Les pessimistes vous diront ...<br \/><div class=\"pt-cv-rmwrap\"><a href=\"https:\/\/bonnin.sitefamille.fr\/?p=210\" class=\"_self pt-cv-readmore btn btn-success\" target=\"_self\">Lire La Suite\u2026<\/a><\/div><\/div>\n<div class=\"pt-cv-meta-fields\"><span class=\"entry-date\"> <time datetime=\"2014-12-30T21:18:54+01:00\">30 d\u00e9cembre 2014<\/time><\/span><span> \/ <\/span><span class=\"terms\"> <a href='https:\/\/bonnin.sitefamille.fr\/?cat=8' title='News' class='pt-cv-tax-news'>News<\/a><\/span><\/div><\/div><\/div>\n<div class=\"col-md-6 col-sm-6 col-xs-12 pt-cv-content-item pt-cv-2-col\" ><div class='pt-cv-ifield'><a href=\"https:\/\/bonnin.sitefamille.fr\/?p=206\" class=\"_self pt-cv-href-thumbnail pt-cv-thumb-left\" target=\"_self\" ><\/a>\n<h4 class=\"pt-cv-title\"><a href=\"https:\/\/bonnin.sitefamille.fr\/?p=206\" class=\"_self\" target=\"_self\" >Encore du nouveau dans la Tribu !<\/a><\/h4>\n<div class=\"pt-cv-content\">Je m'appelle NOA, Je suis n\u00e9 le 24 d\u00e9cembre \u00e0 Aix en Provence. Je p\u00e8se 3.2 kg et mesure 50 cm. Je suis le plus beau cadeau de No\u00ebl de maman Elodie, de papa Aur\u00e9lien, de Coleen et Tim\u00e9o (enfants ...<br \/><div class=\"pt-cv-rmwrap\"><a href=\"https:\/\/bonnin.sitefamille.fr\/?p=206\" class=\"_self pt-cv-readmore btn btn-success\" target=\"_self\">Lire La Suite\u2026<\/a><\/div><\/div>\n<div class=\"pt-cv-meta-fields\"><span class=\"entry-date\"> <time datetime=\"2014-12-30T21:13:20+01:00\">30 d\u00e9cembre 2014<\/time><\/span><span> \/ <\/span><span class=\"terms\"> <a href='https:\/\/bonnin.sitefamille.fr\/?cat=2' title='Naissance' class='pt-cv-tax-naissance'>Naissance<\/a><\/span><\/div><\/div><\/div>\n<div class=\"col-md-6 col-sm-6 col-xs-12 pt-cv-content-item pt-cv-2-col\" ><div class='pt-cv-ifield'><a href=\"https:\/\/bonnin.sitefamille.fr\/?p=201\" class=\"_self pt-cv-href-thumbnail pt-cv-thumb-left\" target=\"_self\" ><\/a>\n<h4 class=\"pt-cv-title\"><a href=\"https:\/\/bonnin.sitefamille.fr\/?p=201\" class=\"_self\" target=\"_self\" >Cosette la berg\u00e8re et Marthieu le tendre berger<\/a><\/h4>\n<div class=\"pt-cv-content\">Il \u00e9tait une fois un mouton et une brebis qui s'aimait d'un amour tendre Ils d\u00e9cid\u00e8rent de se marier Notre ma\u00eetre Mathieu qui prenait soin de nous et sa bien-aim\u00e9e Cosette en firent de m\u00eame. Toute la bergerie fut de ...<br \/><div class=\"pt-cv-rmwrap\"><a href=\"https:\/\/bonnin.sitefamille.fr\/?p=201\" class=\"_self pt-cv-readmore btn btn-success\" target=\"_self\">Lire La Suite\u2026<\/a><\/div><\/div>\n<div class=\"pt-cv-meta-fields\"><span class=\"entry-date\"> <time datetime=\"2014-10-27T21:20:33+01:00\">27 octobre 2014<\/time><\/span><span> \/ <\/span><span class=\"terms\"> <a href='https:\/\/bonnin.sitefamille.fr\/?cat=8' title='News' class='pt-cv-tax-news'>News<\/a><\/span><\/div><\/div><\/div>\n<div class=\"col-md-6 col-sm-6 col-xs-12 pt-cv-content-item pt-cv-2-col\" ><div class='pt-cv-ifield'><a href=\"https:\/\/bonnin.sitefamille.fr\/?p=182\" class=\"_self pt-cv-href-thumbnail pt-cv-thumb-left\" target=\"_self\" ><\/a>\n<h4 class=\"pt-cv-title\"><a href=\"https:\/\/bonnin.sitefamille.fr\/?p=182\" class=\"_self\" target=\"_self\" >Radegonde : 90 ans !<\/a><\/h4>\n<div class=\"pt-cv-content\">L'ain\u00e9e de la descendance Bonnin, tante Radegonde a f\u00eat\u00e9 ses 90 ans mardi 8 juillet 2014 Elle est n\u00e9e le 8 juillet 1924 \u00e0 la Grel\u00e9ch\u00e8re de Ciri\u00e8res Nous lui souhaitons de tout c\u0153ur un bon anniversaire et encore de ...<br \/><div class=\"pt-cv-rmwrap\"><a href=\"https:\/\/bonnin.sitefamille.fr\/?p=182\" class=\"_self pt-cv-readmore btn btn-success\" target=\"_self\">Lire La Suite\u2026<\/a><\/div><\/div>\n<div class=\"pt-cv-meta-fields\"><span class=\"entry-date\"> <time datetime=\"2014-07-13T11:05:12+01:00\">13 juillet 2014<\/time><\/span><span> \/ <\/span><span class=\"terms\"> <a href='https:\/\/bonnin.sitefamille.fr\/?cat=6' title='Arbre g\u00e9n\u00e9alogique' class='pt-cv-tax-arbre-genealogique'>Arbre g\u00e9n\u00e9alogique<\/a>, <a href='https:\/\/bonnin.sitefamille.fr\/?cat=8' title='News' class='pt-cv-tax-news'>News<\/a><\/span><\/div><\/div><\/div>\n<div class=\"col-md-6 col-sm-6 col-xs-12 pt-cv-content-item pt-cv-2-col\" ><div class='pt-cv-ifield'><a href=\"https:\/\/bonnin.sitefamille.fr\/?p=176\" class=\"_self pt-cv-href-thumbnail pt-cv-thumb-left\" target=\"_self\" ><\/a>\n<h4 class=\"pt-cv-title\"><a href=\"https:\/\/bonnin.sitefamille.fr\/?p=176\" class=\"_self\" target=\"_self\" >Gaston est n\u00e9 !<\/a><\/h4>\n<div class=\"pt-cv-content\">Ce jeudi 3 juillet 2014 \u00e0 14h34, Gaston est n\u00e9 ! Il p\u00e8se 3kg150 et mesure 50 cm. Maman Elise et mon petit fils vont bien. Mon fils Teddy est tr\u00e8s Heureux et tr\u00e8s \u00e9mu d'\u00eatre papa ! Le nom ...<br \/><div class=\"pt-cv-rmwrap\"><a href=\"https:\/\/bonnin.sitefamille.fr\/?p=176\" class=\"_self pt-cv-readmore btn btn-success\" target=\"_self\">Lire La Suite\u2026<\/a><\/div><\/div>\n<div class=\"pt-cv-meta-fields\"><span class=\"entry-date\"> <time datetime=\"2014-07-13T10:54:44+01:00\">13 juillet 2014<\/time><\/span><span> \/ <\/span><span class=\"terms\"> <a href='https:\/\/bonnin.sitefamille.fr\/?cat=2' title='Naissance' class='pt-cv-tax-naissance'>Naissance<\/a><\/span><\/div><\/div><\/div>\n<div class=\"col-md-6 col-sm-6 col-xs-12 pt-cv-content-item pt-cv-2-col\" ><div class='pt-cv-ifield'><a href=\"https:\/\/bonnin.sitefamille.fr\/?p=167\" class=\"_self pt-cv-href-thumbnail pt-cv-thumb-left\" target=\"_self\" ><\/a>\n<h4 class=\"pt-cv-title\"><a href=\"https:\/\/bonnin.sitefamille.fr\/?p=167\" class=\"_self\" target=\"_self\" >Cousinades 2014<\/a><\/h4>\n<div class=\"pt-cv-content\">Voila encore une cousinade qui a tenu ses promesses ! Merci \u00e0 G\u00e9rard et Christiane, Anne Marie et Jacques, Christiane et Andr\u00e9, Marie-Do et D\u00e9d\u00e9 qui nous ont accueillis au PIN pour cette nouvelle rencontre ce dimanche 6 AVRIL 2014 ...<br \/><div class=\"pt-cv-rmwrap\"><a href=\"https:\/\/bonnin.sitefamille.fr\/?p=167\" class=\"_self pt-cv-readmore btn btn-success\" target=\"_self\">Lire La Suite\u2026<\/a><\/div><\/div>\n<div class=\"pt-cv-meta-fields\"><span class=\"entry-date\"> <time datetime=\"2014-04-15T20:00:58+01:00\">15 avril 2014<\/time><\/span><span> \/ <\/span><span class=\"terms\"> <a href='https:\/\/bonnin.sitefamille.fr\/?cat=3' title='Cousinades' class='pt-cv-tax-cousinades'>Cousinades<\/a><\/span><\/div><\/div><\/div>\n<div class=\"col-md-6 col-sm-6 col-xs-12 pt-cv-content-item pt-cv-2-col\" ><div class='pt-cv-ifield'><a href=\"https:\/\/bonnin.sitefamille.fr\/?p=112\" class=\"_self pt-cv-href-thumbnail pt-cv-thumb-left\" target=\"_self\" ><\/a>\n<h4 class=\"pt-cv-title\"><a href=\"https:\/\/bonnin.sitefamille.fr\/?p=112\" class=\"_self\" target=\"_self\" >Antonin Albert 16\/07\/2013<\/a><\/h4>\n<div class=\"pt-cv-content\">Une naissance nous a aussi \u00e9chapp\u00e9e chez les heureux parents Miguel Albert et Adeline : Antonin Albert n\u00e9 le 16 juillet 2013, fait le bonheur de sa petite soeur Alexia et de son petit fr\u00e8re Maxime et bien s\u00fbr de ...<br \/><div class=\"pt-cv-rmwrap\"><a href=\"https:\/\/bonnin.sitefamille.fr\/?p=112\" class=\"_self pt-cv-readmore btn btn-success\" target=\"_self\">Lire La Suite\u2026<\/a><\/div><\/div>\n<div class=\"pt-cv-meta-fields\"><span class=\"entry-date\"> <time datetime=\"2013-10-15T18:20:09+01:00\">15 octobre 2013<\/time><\/span><span> \/ <\/span><span class=\"terms\"> <a href='https:\/\/bonnin.sitefamille.fr\/?cat=2' title='Naissance' class='pt-cv-tax-naissance'>Naissance<\/a><\/span><\/div><\/div><\/div>\n<div class=\"col-md-6 col-sm-6 col-xs-12 pt-cv-content-item pt-cv-2-col\" ><div class='pt-cv-ifield'><a href=\"https:\/\/bonnin.sitefamille.fr\/?p=83\" class=\"_self pt-cv-href-thumbnail pt-cv-thumb-left\" target=\"_self\" ><\/a>\n<h4 class=\"pt-cv-title\"><a href=\"https:\/\/bonnin.sitefamille.fr\/?p=83\" class=\"_self\" target=\"_self\" >5\u00e8me g\u00e9n\u00e9ration<\/a><\/h4>\n<div class=\"pt-cv-content\">Un EVENEMENT dans l'histoire de la tribu BONNIN Nous\u00a0 sommes heureux de vous annoncer la naissance du 1er descendant de la 5\u00e8me g\u00e9n\u00e9ration de la tribu!!! Toutes nos f\u00e9licitations aux arri\u00e8res grands parents Marie Andr\u00e9e et Robert, aux grands parents ...<br \/><div class=\"pt-cv-rmwrap\"><a href=\"https:\/\/bonnin.sitefamille.fr\/?p=83\" class=\"_self pt-cv-readmore btn btn-success\" target=\"_self\">Lire La Suite\u2026<\/a><\/div><\/div>\n<div class=\"pt-cv-meta-fields\"><span class=\"entry-date\"> <time datetime=\"2013-10-13T23:12:29+01:00\">13 octobre 2013<\/time><\/span><span> \/ <\/span><span class=\"terms\"> <a href='https:\/\/bonnin.sitefamille.fr\/?cat=8' title='News' class='pt-cv-tax-news'>News<\/a><\/span><\/div><\/div><\/div>\n<div class=\"col-md-6 col-sm-6 col-xs-12 pt-cv-content-item pt-cv-2-col\" ><div class='pt-cv-ifield'><a href=\"https:\/\/bonnin.sitefamille.fr\/?p=91\" class=\"_self pt-cv-href-thumbnail pt-cv-thumb-left\" target=\"_self\" ><\/a>\n<h4 class=\"pt-cv-title\"><a href=\"https:\/\/bonnin.sitefamille.fr\/?p=91\" class=\"_self\" target=\"_self\" >Sibylle Nicolella (fille de Julia Bonnin et Maxime)<\/a><\/h4>\n<div class=\"pt-cv-content\">Sibylle : 7 \u00e8me arri\u00e8re petit enfant de papy G\u00e9g\u00e9, est n\u00e9e le 4 octobre 2013. G\u00e9g\u00e9 rayonne ! Tout comme ses grands parents Sylvie et Jacques. Mais que dire alors de ses parents Julia et Maxime et de son ...<br \/><div class=\"pt-cv-rmwrap\"><a href=\"https:\/\/bonnin.sitefamille.fr\/?p=91\" class=\"_self pt-cv-readmore btn btn-success\" target=\"_self\">Lire La Suite\u2026<\/a><\/div><\/div>\n<div class=\"pt-cv-meta-fields\"><span class=\"entry-date\"> <time datetime=\"2013-10-13T22:50:17+01:00\">13 octobre 2013<\/time><\/span><span> \/ <\/span><span class=\"terms\"> <a href='https:\/\/bonnin.sitefamille.fr\/?cat=2' title='Naissance' class='pt-cv-tax-naissance'>Naissance<\/a><\/span><\/div><\/div><\/div>\n<div class=\"col-md-6 col-sm-6 col-xs-12 pt-cv-content-item pt-cv-2-col\" ><div class='pt-cv-ifield'><a href=\"https:\/\/bonnin.sitefamille.fr\/?p=30\" class=\"_self pt-cv-href-thumbnail pt-cv-thumb-left\" target=\"_self\" ><\/a>\n<h4 class=\"pt-cv-title\"><a href=\"https:\/\/bonnin.sitefamille.fr\/?p=30\" class=\"_self\" target=\"_self\" >Arbre g\u00e9n\u00e9alogique<\/a><\/h4>\n<div class=\"pt-cv-content\">D'arbre en arbre, nous allons avoir une for\u00eat ! Ici, au format PDF L\u00e0\u00a0au format xls Et\u00a0l\u00e0 encore au format OpenOffice \/ LibreOffice\u00a0 qui est bien sur pr\u00e9f\u00e9rable ...<br \/><div class=\"pt-cv-rmwrap\"><a href=\"https:\/\/bonnin.sitefamille.fr\/?p=30\" class=\"_self pt-cv-readmore btn btn-success\" target=\"_self\">Lire La Suite\u2026<\/a><\/div><\/div>\n<div class=\"pt-cv-meta-fields\"><span class=\"entry-date\"> <time datetime=\"2013-05-31T20:23:31+01:00\">31 mai 2013<\/time><\/span><span> \/ <\/span><span class=\"terms\"> <a href='https:\/\/bonnin.sitefamille.fr\/?cat=6' title='Arbre g\u00e9n\u00e9alogique' class='pt-cv-tax-arbre-genealogique'>Arbre g\u00e9n\u00e9alogique<\/a><\/span><\/div><\/div><\/div>\n<div class=\"col-md-6 col-sm-6 col-xs-12 pt-cv-content-item pt-cv-2-col\" ><div class='pt-cv-ifield'><a href=\"https:\/\/bonnin.sitefamille.fr\/?p=17\" class=\"_self pt-cv-href-thumbnail pt-cv-thumb-left\" target=\"_self\" ><\/a>\n<h4 class=\"pt-cv-title\"><a href=\"https:\/\/bonnin.sitefamille.fr\/?p=17\" class=\"_self\" target=\"_self\" >Louise est n\u00e9e&#8230;<\/a><\/h4>\n<div class=\"pt-cv-content\">Catherine et Roland sont heureux de vous annoncer la naissance de leur petite fille Louise n\u00e9e le 29 Mars. Louise est la fille de Xavier et Pauline, habitant Toulouse Ce beau b\u00e9b\u00e9 p\u00e8se 3,780kgs et mesure 51 cm Tous nos ...<br \/><div class=\"pt-cv-rmwrap\"><a href=\"https:\/\/bonnin.sitefamille.fr\/?p=17\" class=\"_self pt-cv-readmore btn btn-success\" target=\"_self\">Lire La Suite\u2026<\/a><\/div><\/div>\n<div class=\"pt-cv-meta-fields\"><span class=\"entry-date\"> <time datetime=\"2013-05-30T22:22:09+01:00\">30 mai 2013<\/time><\/span><span> \/ <\/span><span class=\"terms\"> <a href='https:\/\/bonnin.sitefamille.fr\/?cat=2' title='Naissance' class='pt-cv-tax-naissance'>Naissance<\/a><\/span><\/div><\/div><\/div>\n<div class=\"col-md-6 col-sm-6 col-xs-12 pt-cv-content-item pt-cv-2-col\" ><div class='pt-cv-ifield'><a href=\"https:\/\/bonnin.sitefamille.fr\/?p=14\" class=\"_self pt-cv-href-thumbnail pt-cv-thumb-left\" target=\"_self\" ><\/a>\n<h4 class=\"pt-cv-title\"><a href=\"https:\/\/bonnin.sitefamille.fr\/?p=14\" class=\"_self\" target=\"_self\" >Naissance chez Mamido et papid\u00e9d\u00e9<\/a><\/h4>\n<div class=\"pt-cv-content\">Mamido et papid\u00e9d\u00e9 sont heureux de vous annoncer la naissance de leurpetite fleur de printemps, Augustine. Elle est n\u00e9e hier soir (18 mars \u00e0 19 H.) Elle p\u00e8se 3Kg 600 et mesure 51 cm. Elle est brune et ressemble beaucoup ...<br \/><div class=\"pt-cv-rmwrap\"><a href=\"https:\/\/bonnin.sitefamille.fr\/?p=14\" class=\"_self pt-cv-readmore btn btn-success\" target=\"_self\">Lire La Suite\u2026<\/a><\/div><\/div>\n<div class=\"pt-cv-meta-fields\"><span class=\"entry-date\"> <time datetime=\"2013-05-30T22:19:10+01:00\">30 mai 2013<\/time><\/span><span> \/ <\/span><span class=\"terms\"> <a href='https:\/\/bonnin.sitefamille.fr\/?cat=2' title='Naissance' class='pt-cv-tax-naissance'>Naissance<\/a><\/span><\/div><\/div><\/div>\n<div class=\"col-md-6 col-sm-6 col-xs-12 pt-cv-content-item pt-cv-2-col\" ><div class='pt-cv-ifield'><a href=\"https:\/\/bonnin.sitefamille.fr\/?p=11\" class=\"_self pt-cv-href-thumbnail pt-cv-thumb-left\" target=\"_self\" ><\/a>\n<h4 class=\"pt-cv-title\"><a href=\"https:\/\/bonnin.sitefamille.fr\/?p=11\" class=\"_self\" target=\"_self\" >Cousinades 2013<\/a><\/h4>\n<div class=\"pt-cv-content\">Nous \u00e9tions 36 \u00e0 nous retrouver ce dimanche 17 mars dans ce petit village de Traye pr\u00e8s de Neuvy Bouin. Bravo et merci \u00e0 la famille Grellier qui nous a re\u00e7u magnifiquement et qui a permis \u00e0 tous de passer ...<br \/><div class=\"pt-cv-rmwrap\"><a href=\"https:\/\/bonnin.sitefamille.fr\/?p=11\" class=\"_self pt-cv-readmore btn btn-success\" target=\"_self\">Lire La Suite\u2026<\/a><\/div><\/div>\n<div class=\"pt-cv-meta-fields\"><span class=\"entry-date\"> <time datetime=\"2013-05-30T22:17:34+01:00\">30 mai 2013<\/time><\/span><span> \/ <\/span><span class=\"terms\"> <a href='https:\/\/bonnin.sitefamille.fr\/?cat=3' title='Cousinades' class='pt-cv-tax-cousinades'>Cousinades<\/a><\/span><\/div><\/div><\/div>\n<div class=\"col-md-6 col-sm-6 col-xs-12 pt-cv-content-item pt-cv-2-col\" ><div class='pt-cv-ifield'><a href=\"https:\/\/bonnin.sitefamille.fr\/?p=9\" class=\"_self pt-cv-href-thumbnail pt-cv-thumb-left\" target=\"_self\" ><\/a>\n<h4 class=\"pt-cv-title\"><a href=\"https:\/\/bonnin.sitefamille.fr\/?p=9\" class=\"_self\" target=\"_self\" >Premi\u00e8re naissance 2013<\/a><\/h4>\n<div class=\"pt-cv-content\">Je suis AXEL et\u00a0 je suis heureux d'arriver dans la grande famille BONNIN Fabienne et Olivier mes parents sont ravis de me voir malgr\u00e9 ma venue avec\u00a05 semaines d'avance. Je p\u00e8se 3 kg et mesure 47 cms Je suis le ...<br \/><div class=\"pt-cv-rmwrap\"><a href=\"https:\/\/bonnin.sitefamille.fr\/?p=9\" class=\"_self pt-cv-readmore btn btn-success\" target=\"_self\">Lire La Suite\u2026<\/a><\/div><\/div>\n<div class=\"pt-cv-meta-fields\"><span class=\"entry-date\"> <time datetime=\"2013-05-30T22:16:09+01:00\">30 mai 2013<\/time><\/span><span> \/ <\/span><span class=\"terms\"> <a href='https:\/\/bonnin.sitefamille.fr\/?cat=2' title='Naissance' class='pt-cv-tax-naissance'>Naissance<\/a><\/span><\/div><\/div><\/div><\/div><\/div><\/div>\n<p>&nbsp;<\/p>\n","protected":false},"excerpt":{"rendered":"<p>&nbsp;<\/p>\n","protected":false},"author":1,"featured_media":0,"parent":0,"menu_order":2,"comment_status":"closed","ping_status":"closed","template":"","meta":{"cybocfi_hide_featured_image":"","footnotes":""},"class_list":["post-524","page","type-page","status-publish","hentry"],"_links":{"self":[{"href":"https:\/\/bonnin.sitefamille.fr\/index.php?rest_route=\/wp\/v2\/pages\/524","targetHints":{"allow":["GET"]}}],"collection":[{"href":"https:\/\/bonnin.sitefamille.fr\/index.php?rest_route=\/wp\/v2\/pages"}],"about":[{"href":"https:\/\/bonnin.sitefamille.fr\/index.php?rest_route=\/wp\/v2\/types\/page"}],"author":[{"embeddable":true,"href":"https:\/\/bonnin.sitefamille.fr\/index.php?rest_route=\/wp\/v2\/users\/1"}],"replies":[{"embeddable":true,"href":"https:\/\/bonnin.sitefamille.fr\/index.php?rest_route=%2Fwp%2Fv2%2Fcomments&post=524"}],"version-history":[{"count":3,"href":"https:\/\/bonnin.sitefamille.fr\/index.php?rest_route=\/wp\/v2\/pages\/524\/revisions"}],"predecessor-version":[{"id":560,"href":"https:\/\/bonnin.sitefamille.fr\/index.php?rest_route=\/wp\/v2\/pages\/524\/revisions\/560"}],"wp:attachment":[{"href":"https:\/\/bonnin.sitefamille.fr\/index.php?rest_route=%2Fwp%2Fv2%2Fmedia&parent=524"}],"curies":[{"name":"wp","href":"https:\/\/api.w.org\/{rel}","templated":true}]}}